{"id":2016,"date":"2018-02-13T15:13:23","date_gmt":"2018-02-13T14:13:23","guid":{"rendered":"https:\/\/activ.at\/cookies\/"},"modified":"2022-08-23T09:00:29","modified_gmt":"2022-08-23T08:00:29","slug":"izjava-o-zastiti-privatnosti","status":"publish","type":"page","link":"https:\/\/activ.at\/sr\/izjava-o-zastiti-privatnosti\/","title":{"rendered":"Izjava o za\u0161titi privatnosti"},"content":{"rendered":"<p><strong>Izjava o za\u0161titi podataka<\/strong><\/p>\n<p>Kao operater ove veb lokacije, veoma ozbiljno shvatamo za\u0161titu va\u0161ih li\u010dnih podataka. Li\u010dni podaci \u0107e se sakupljati i obra\u0111ivati samo na ovoj veb stranici u meri opisanoj ovde.<\/p>\n<p>Va\u0161e podatke obra\u0111ujemo isklju\u010divo na osnovu zakonskih propisa (DSGVO, DSG 2018, TKG 2003) i te\u017eimo ka najboljoj mogu\u0107oj transparentnosti.<\/p>\n<p>Sledec\u0107e obave\u0161tenje daje vam pregled kako garantujemo ovu za\u0161titu i koji podaci se prikupljaju za koju svrhu.<\/p>\n<p><strong>Kontakt in informacije<\/strong><\/p>\n<p>Ako imate bilo kakva pitanja vezana za obradu va\u0161ih li\u010dnih podataka, molimo vas da nas kontaktirate:<\/p>\n<p>Odgovorna osoba:<\/p>\n<p>KR Benjamin Wakounig<br \/>\nLiebenauer Hauptstra\u00dfe 34, A-8041 Graz<br \/>\ne-mail: data-protection@activ.at<\/p>\n<p><strong>Li\u010dni podaci<\/strong><\/p>\n<p>Tokom vase posete ovom veb sajtu prikupljaju se slede\u0107e informacije: datum i vreme kada ste pristupili na\u0161oj veb stranici, ime i verziju va\u0161eg veb pretra\u017eiva\u010da, veb stranicu koju ste posetili pre pristupanja ovoj veb lokaciji, odre\u0111ene kola\u010di\u0107e i informacije koje ste pru\u017eili sami kroz kontakt formu.<\/p>\n<p>Pored toga, prikupljamo li\u010dne podatke isklju\u010divo na dobrovoljnoj osnovi.<\/p>\n<p>This declaration of consent can be revoked at any time. The revoke of consent shall not affect the lawfulness of data processing based on consent before its withdrawal. For a revocation, please contact us at any time by e-mail to <a href=\"mailto:data-protection@activ.at\">data-protection@activ.at<\/a> or by mail.<\/p>\n<p>Li\u010dne podatke tretiramo poverljivo i u skladu sa zakonskim zahtevima.<\/p>\n<p><strong>NAMENA OBRADE I PRAVNE OSNOVE<\/strong><\/p>\n<p><strong>Upotreba veb lokacije<\/strong><\/p>\n<p>Sakupljamo i obra\u0111ujemo va\u0161e podatke kako bismo vam pru\u017eili najbolju mogu\u0107u uslugu i pobolj\u0161ali na\u0161u platformu, kako bismo spre\u010dili zloupotrebu na\u0161e veb stranice i obavestili vas o na\u0161im proizvodima i uslugama. Podaci ne\u0107e biti kori\u0161\u0107eni ukoliko nisu povezani sa ciljevima obja\u0161njenim ovim obave\u0161tenjem o za\u0161titi podataka.<\/p>\n<p>Pravni osnov za obradu va\u0161ih li\u0107nih podataka za kori\u0161\u0107enje veb stranice je na\u0161 najva\u017eniji interes u skladu sa \u010dlanom 6. stav 1. saglasno DSGVO.<\/p>\n<p><strong> Kori\u0161\u0107enje obrazca za kontakt<\/strong><\/p>\n<p>Li\u010dni podaci se prikupljaju kako bi se u skladu sa njima mogle obraditi pretrage i da bi mogli proceniti njihovu pouzdanost kada ih podelite popunjavanjem odgovaraju\u0107eg kontakt formulara na na\u0161oj veb stranici.<br \/>\nAko popunite kontakt formu, obra\u0111ujemo li\u010dne podatke koji su nam dostavljeni na osnovu pravne osnove u skladu sa \u010dlanom 6. stav 1. lit. b DSGVO za sprovo\u0111enje pred-ugovornih mera i &#8211; ako je uspostavljen poslovni odnos &#8211; za sprovo\u0111enje ugovora.<\/p>\n<p><strong>Vreme skladi\u0161tenja &#8211; \u010duvanja<\/strong><\/p>\n<p>Podaci koji se prenose isklju\u010divo radi pokretanja ugovora bi\u0107e izbrisani nakon 12 meseci, osim ako nije uspostavljen poslovni odnos. Ako ste sklopili ugovor sa nama, li\u010dni podaci \u0107e biti sa\u010duvani za vreme trajanja poslovnog odnosa, kao i dodatno u skladu sa zakonom propisanim periodom \u010duvanja podataka.<\/p>\n<p>Google analitika \u010duva podatke 26 meseci. Jednom mese\u010dno, podaci koji do\u0111u do kraja perioda \u010duvanja automatski se bri\u0161u.<\/p>\n<p><strong>Primaoci<\/strong><\/p>\n<p>Prikupljeni podaci ne\u0107e biti prodati ili preneti tre\u0107im stranama koje nisu uklju\u010dene.<\/p>\n<p>Imajte u vidu zasebne informacije o dodacima za dru\u0161tvene mre\u017ee i Google analitiku.<\/p>\n<p><strong>Bezbednost<\/strong><\/p>\n<p>Mi \u0107emo \u010duvati va\u0161e li\u010dne podatke sigurnim i stoga preduzimati sve mere predostro\u017enosti da bi za\u0161titili podatke od gubitka, zloupotrebe ili ne\u017eeljenih promena. Mi tako\u0111e prenosimo na\u0161e shvatanje bezbednosti izvo\u0111a\u010dima radova koje koristimo.<\/p>\n<p><strong>Kola\u010di\u0107i<\/strong><\/p>\n<p>Na\u0161a slu\u017eba koristi tzv. kola\u010di\u0107e i datoteke dnevnika na vi\u0161e mesta. Oni poma\u017eu da se na\u0161a ponuda u\u010dini vi\u0161e prilago\u0111enom korisniku, efikasnom i sigurnom.<\/p>\n<p>Kola\u010di\u0107i su mali tekstualni fajlovi koji su sa\u010duvani na va\u0161em ra\u010dunaru od strane va\u0161eg veb pretra\u017eiva\u010da. Ve\u0107ina kola\u010di\u0107a koje koristimo su takozvani &#8222;kola\u010di\u0107i sesije&#8220;. Oni se automatski bri\u0161u na kraju va\u0161e posete. Ostali kola\u010di\u0107i su takozvani &#8222;trajni kola\u010di\u0107i&#8220;, koji se trajno ili na du\u017ei period zadr\u017eavaju u korisnikovom pretra\u017eiva\u010du. Kola\u010di\u0107i ne izazivaju o\u0161te\u0107enja na ra\u010dunaru i ne sadr\u017ee nikakve viruse.<\/p>\n<p>Kola\u010di\u0107e postavlja veb server. Kola\u010di\u0107i koje smo postavili tako\u0111e se koriste za pra\u0107enje veb pona\u0161anja na\u0161ih korisnika na na\u0161em veb sajtu <a href=\"http:\/\/www.activ.at\" target=\"_blank\" rel=\"noopener\">www.activ.at<\/a><\/p>\n<p>Datoteke dnevnika sadr\u017ee automatski \u010duvan dnevnik svih ili odre\u0111enih postupaka procesa na ra\u010dunarskom sistemu.<\/p>\n<p>Mi automatski sakupljamo i \u010duvamo informacije koje va\u0161 veb pretra\u017eiva\u010d \u0161alje nama u datotekama dnevnika servera. To su na primer tip pretra\u017eiva\u010da \/ njegova verzija, operativni sistem koji se koristi, referentni URL, ime hosta pristupnog ra\u010dunara (anonimizovana IP adresa), kao i vrieme upita servera. Ovi podaci se mogu dodeliti neodre\u0111enoj osobi. Ovi podaci se ne kombinuju sa drugim izvorima podataka i bri\u0161u se nakon statisti\u010dke procene.<\/p>\n<p>Pored toga, podr\u017eavamo pode\u0161avanja &#8222;Do-not-Track&#8220; va\u0161eg pretra\u017eiva\u010da. Ova opcija pode\u0161avanja je tehnologija i predlog politike koji bi trebalo da omogu\u0107i korisnicima da samostalno odlu\u010duju o tome da li \u0107e njihovo pona\u0161anje biti pra\u0107eno od strane veb lokacije, mre\u017ee ogla\u0161avanja ili dru\u0161tvene mre\u017ee.<\/p>\n<p>U osnovi postoje dve kategorije kola\u010di\u0107a koje se mogu koristiti na na\u0161im stranicama &#8211; takozvani &#8222;kola\u010di\u0107i sesije&#8220; i &#8222;trajni kola\u010di\u0107i&#8220;. Kola\u010di\u0107i sesije su privremeni kola\u010di\u0107i koji ostaju na ure\u0111aju dok ne napustite lokaciju. Me\u0111utim, trajni kola\u010di\u0107 ostaje na ure\u0111aju u odre\u0111enom vremenskom periodu nakon \u0161to napustite lokaciju ili dok ga ne obri\u0161ete ru\u010dno.<br \/>\nAko to ne \u017eelite, mo\u017eete podesiti pretra\u017eiva\u010d tako da vas obave\u0161tava o pode\u0161avanju kola\u010di\u0107a i da to dozvoljavate samo u pojedina\u010dnim slu\u010dajevima. Mi koristimo kola\u010di\u0107e za kreiranje anonimnih statistika koje nam poja\u0161njavaju pona\u0161anja korisnika posetioca na na\u0161im stranicama i poma\u017eu nam da pobolj\u0161amo strukturu i sadr\u017eaj na\u0161ih stranica.<\/p>\n<p>Informacije u kola\u010di\u0107ima ne omogu\u0107avaju nam da li\u010dno vas identifikujemo.<\/p>\n<p>Kada su kola\u010di\u0107i deaktivirani, funkcionalnost na\u0161eg sajta mo\u017ee biti ograni\u010dena.<\/p>\n<p><strong>Google analitika<\/strong><\/p>\n<p>Koristimo Google analitiku, uslugu za veb analizu Google Inc. &#8222;(Google&#8220;). Google analitika tako\u0111e koristi kola\u010di\u0107e koje se \u010duvaju na va\u0161em ra\u010dunaru i kojI omogu\u0107avaju analizu va\u0161eg kori\u0161\u0107enja veb sajta. Va\u0161a upotreba ove veb stranice obi\u010dno se prenosi na Google server u SAD i tamo se \u010duva.<\/p>\n<p>Aktivirali smo IP anonimizaciju na ovoj veb stranici. Iz tog razloga, Google \u0107e unapred skratiti va\u0161u IP adresu u dr\u017eavama \u010dlanicama Evropske unije ili u drugim dr\u017eavama potpisnicama Sporazuma o Evropskom ekonomskom prostoru. Samo u izuzetnim slu\u010dajevima potpuna IP adresa \u0107e se preneti na Google server u SAD-u i skratiti tamo.<br \/>\nGoogle \u0107e koristiti ove informacije u svrhu procene va\u0161e upotrebe veb stranice, prikupljanja izvje\u0161taja o aktivnostima na veb lokaciji i pru\u017eanja drugih usluga vezanih za kori\u0161\u0107enje veb stranice i kori\u0161\u0107enje interneta.<\/p>\n<p>Google tako\u0111e mo\u017ee preneti ove informacije na tre\u0107e strane ako to zahteva zakon ili ako tre\u0107a lica obra\u0111uju ove podatke u ime Google-a. Google ne\u0107e povezati va\u0161u IP adresu sa bilo kojim drugim podacima koje poseduje Google.<\/p>\n<p>Pored toga,\u00a0 mo\u017eete spre\u010diti Google da prikuplja podatake koji su generisani putem kola\u010di\u0107a i koji se odnose na va\u0161u upotrebu veb stranice (uklju\u010duju\u0107i i va\u0161u IP adresu) i da ovi podaci budu obra\u0111ivani od strane Google-a tako \u0161to \u0107ete preuzeti i instalirati dodatak za pretra\u017eiva\u010d dostupan pod slede\u0107im linkom : <a href=\"http:\/\/tools.google.com\/dlpage\/gaoptout?hl=de\" target=\"_blank\" rel=\"noopener\">http:\/\/tools.google.com\/dlpage\/gaoptout?hl=de<\/a><\/p>\n<p>Vi\u0161e informacija o uslovima kori\u0161\u0107enja Google-a i Google-ovoj politici privatnosti potra\u017eite na<\/p>\n<p><a href=\"http:\/\/vvv.google.com\/analitics\/terms\/de.html\" target=\"_blank\" rel=\"noopener\">http:\/\/vvv.google.com\/analitics\/terms\/de.html<\/a> \u00a0ili <a href=\"http:\/\/vvv.google.at\/intl\/at\/policies\/\" target=\"_blank\" rel=\"noopener\">http:\/\/vvv.google.at\/intl\/at\/policies\/<\/a> .<\/p>\n<p><strong>Google Maps<\/strong><\/p>\n<p>This website uses the Google Maps product from Google LLC. By using this website, you consent to the collection, processing and use of automatically collected data by Google LLC, its agents and third parties.<\/p>\n<p><strong>Within the scope of this service, data is transferred to the US or such a transfer cannot be excluded.<\/strong><\/p>\n<p>Google Maps is an online map service with which geographic information is made more readable for you as a user via a terminal device. Among other things, directions are displayed or map sections of a location can be integrated into a website.<\/p>\n<p>If you agree to Google Maps, your browser establishes a connection to Google&#8217;s servers. This enables Google to know that our website has been accessed via your IP address. The use of Google Maps enables Google to collect and process data about the use of the service.<\/p>\n<p>Google Maps processes for the provision of this service on the basis of your consent in addition to your IP address, among other things, entered search terms and latitude and longitude coordinates. If you use the route planner function of Google Maps, the entered starting address will also be stored. This data processing takes place exclusively through your voluntary use of Google Maps and is not within our sphere of influence.<\/p>\n<p>The terms of service of Google Maps can be found at Google Maps Terms of Service: <a href=\"https:\/\/www.google.com\/intl\/en_en\/help\/terms_maps\/\">https:\/\/www.google.com\/intl\/en_en\/help\/terms_maps\/<\/a>.<\/p>\n<p><strong>Dodaci za dru\u0161tvene mre\u017ee<\/strong><\/p>\n<p>Pod na\u0161om domenom www.activ.at na\u0107i \u0107ete vezu za eksterne servise Facebook-a (Facebook-Like-Button).<\/p>\n<p>Veb sajtom dru\u0161tvene mre\u017ee Facebook upravlja isklju\u010divo Facebook Inc, 1601 S. California Ave, Palo Alto, CA 94304, SAD.<\/p>\n<p>Ako kliknete na ovaj link, aktivira se dodatak i va\u0161 pretra\u017eiva\u010d uspostavlja direktnu vezu sa serverima ove spoljne usluge.<\/p>\n<p>Ako kliknete na link tokom va\u0161e posete na\u0161oj veb lokaciji, a prijavljeni ste na Facebook putem va\u0161eg li\u010dnog korisni\u010dkog naloga, podaci \u0107e im se prosle\u0111ivati, konkretno da ste posetili na\u0161u veb stranicu. Ove kompanije mogu pripisati posetu veb stranici na svoj ra\u010dun.<\/p>\n<p>\u010cak i ako nemate aktivan nalog sa ovim uslugama, ne mo\u017ee se isklju\u010diti da va\u0161a IP adresa ne\u0107e biti prikupljena nakon \u0161to budete pratili dodatak.<\/p>\n<p>\u017delimo da istaknemo da mi, kao samo povezuju\u0107i provajder veb stranice, ne poznajemo sadr\u017eaj prenesenih podataka niti njegovu upotrebu od strane ovih spoljnih servisa. Po\u0161to ne mo\u017eemo da uti\u010demo na ove veze, molimo pro\u010ditajte Facebookovu politiku u vezi sa podacima na<\/p>\n<p><a href=\"https:\/\/vvv.facebook.com\/about\/privaci\/update\" target=\"_blank\" rel=\"noopener\">https:\/\/vvv.facebook.com\/about\/privaci\/update<\/a> .<\/p>\n<p><strong>Upotreba Tviter dodataka (&#8222;Tweet button&#8220;)<\/strong><\/p>\n<p>Na\u0161a veb stranica sadr\u017ei funkcije Tvitter Inc. 795 Folsom Street, Suite 600, San Francisko, CA 94107, SAD. Ako koristite Tvitter, a posebno funkciju &#8222;Re-Tweet&#8220;, Tviter povezuje va\u0161 Tviter nalog sa veb sajtovima koje pose\u0107ujete. Ovo \u0107e biti objavljeno drugim korisnicima na Tviter-u, naro\u010dito va\u0161im pratiocima. Ovo je tako\u0111e na\u010din preno\u0161enja podataka na Tviter.<\/p>\n<p>Mi, kao provajder na\u0161e veb stranice, nismo informisani od strane Tvitera o sadr\u017eaju prenetih podataka ili kori\u0161\u0107enju podataka. Vi\u0161e mo\u017eete saznati klikom na slede\u0107i link: tvitter.com\/privacy.<\/p>\n<p>Me\u0111utim, imajte na umu da mo\u017eete promeniti postavke privatnosti na Tvitter-u u postavkama svog naloga na tvitter.com\/account\/settings.<\/p>\n<p><strong> Prava<\/strong><\/p>\n<p>Imate pravo na informacije o obra\u0111enim li\u010dnim podacima, njihovu ispravku, brisanje i ograni\u010denje obrade, ukoliko pravna ili ugovorna regulativa nije u suprotnosti sa ovim pravima.<\/p>\n<p>Pored toga, imate pravo \u017ealbe nadzornom organu:<\/p>\n<p>Austrijska agencija za za\u0161titu podataka<\/p>\n<p><span class=\"ILfuVd\" lang=\"de\"><span class=\"hgKElc\">Barichgasse 40-42<\/span><\/span>, 1030 Be\u010d<\/p>\n<p>Mail: <a href=\"mailto:dsb@dsb.gv.at\">dsb@dsb.gv.at<\/a><\/p>\n<p>Ako postoji bilo kakva sumnja u identitet osobe koja tra\u017ei informacije, tra\u017eimo dodatne informacije za potvr\u0111ivanje identiteta. Ova sigurnosna mera je isklju\u010divo za za\u0161titu va\u0161ih prava i va\u0161e privatnosti.<\/p>\n<p>Ako tra\u017eite jedno od gore navedenih prava o\u010digledno neosnovano ili posebno \u010desto, zadr\u017eavamo pravo da zahtevamo odgovaraju\u0107u naknadu za obradu ili da odbijemo obradu va\u0161e aplikacije.<\/p>\n","protected":false},"excerpt":{"rendered":"<p>Izjava o za\u0161titi podataka Kao operater ove veb lokacije, veoma ozbiljno shvatamo za\u0161titu va\u0161ih li\u010dnih podataka. Li\u010dni podaci \u0107e se sakupljati i obra\u0111ivati samo na ovoj veb stranici u meri opisanoj ovde. Va\u0161e podatke obra\u0111ujemo isklju\u010divo na osnovu zakonskih propisa (DSGVO, DSG 2018, TKG 2003) i te\u017eimo ka najboljoj mogu\u0107oj transparentnosti. Sledec\u0107e obave\u0161tenje daje vam [&hellip;]<\/p>\n","protected":false},"author":1,"featured_media":0,"parent":0,"menu_order":0,"comment_status":"closed","ping_status":"closed","template":"","meta":{"_acf_changed":false,"footnotes":""},"class_list":["post-2016","page","type-page","status-publish","hentry"],"acf":[],"yoast_head":"<!-- This site is optimized with the Yoast SEO plugin v27.5 - https:\/\/yoast.com\/product\/yoast-seo-wordpress\/ -->\n<title>Izjava o za\u0161titi privatnosti - Activ<\/title>\n<meta name=\"robots\" content=\"noindex, nofollow\" \/>\n<meta property=\"og:locale\" content=\"sr_RS\" \/>\n<meta property=\"og:type\" content=\"article\" \/>\n<meta property=\"og:title\" content=\"Izjava o za\u0161titi privatnosti - Activ\" \/>\n<meta property=\"og:description\" content=\"Izjava o za\u0161titi podataka Kao operater ove veb lokacije, veoma ozbiljno shvatamo za\u0161titu va\u0161ih li\u010dnih podataka. Li\u010dni podaci \u0107e se sakupljati i obra\u0111ivati samo na ovoj veb stranici u meri opisanoj ovde. Va\u0161e podatke obra\u0111ujemo isklju\u010divo na osnovu zakonskih propisa (DSGVO, DSG 2018, TKG 2003) i te\u017eimo ka najboljoj mogu\u0107oj transparentnosti. Sledec\u0107e obave\u0161tenje daje vam [&hellip;]\" \/>\n<meta property=\"og:url\" content=\"https:\/\/activ.at\/sr\/izjava-o-zastiti-privatnosti\/\" \/>\n<meta property=\"og:site_name\" content=\"Activ\" \/>\n<meta property=\"article:modified_time\" content=\"2022-08-23T08:00:29+00:00\" \/>\n<meta name=\"twitter:card\" content=\"summary_large_image\" \/>\n<meta name=\"twitter:label1\" content=\"\u041f\u0440\u043e\u0446\u0435\u045a\u0435\u043d\u043e \u0432\u0440\u0435\u043c\u0435 \u0447\u0438\u0442\u0430\u045a\u0430\" \/>\n\t<meta name=\"twitter:data1\" content=\"10 \u043c\u0438\u043d\u0443\u0442\u0430\" \/>\n<script type=\"application\/ld+json\" class=\"yoast-schema-graph\">{\"@context\":\"https:\\\/\\\/schema.org\",\"@graph\":[{\"@type\":\"WebPage\",\"@id\":\"https:\\\/\\\/activ.at\\\/sr\\\/izjava-o-zastiti-privatnosti\\\/\",\"url\":\"https:\\\/\\\/activ.at\\\/sr\\\/izjava-o-zastiti-privatnosti\\\/\",\"name\":\"Izjava o za\u0161titi privatnosti - Activ\",\"isPartOf\":{\"@id\":\"https:\\\/\\\/activ.at\\\/sr\\\/#website\"},\"datePublished\":\"2018-02-13T14:13:23+00:00\",\"dateModified\":\"2022-08-23T08:00:29+00:00\",\"breadcrumb\":{\"@id\":\"https:\\\/\\\/activ.at\\\/sr\\\/izjava-o-zastiti-privatnosti\\\/#breadcrumb\"},\"inLanguage\":\"sr-RS\",\"potentialAction\":[{\"@type\":\"ReadAction\",\"target\":[\"https:\\\/\\\/activ.at\\\/sr\\\/izjava-o-zastiti-privatnosti\\\/\"]}]},{\"@type\":\"BreadcrumbList\",\"@id\":\"https:\\\/\\\/activ.at\\\/sr\\\/izjava-o-zastiti-privatnosti\\\/#breadcrumb\",\"itemListElement\":[{\"@type\":\"ListItem\",\"position\":1,\"name\":\"Home\",\"item\":\"https:\\\/\\\/activ.at\\\/sr\\\/\"},{\"@type\":\"ListItem\",\"position\":2,\"name\":\"Izjava o za\u0161titi privatnosti\"}]},{\"@type\":\"WebSite\",\"@id\":\"https:\\\/\\\/activ.at\\\/sr\\\/#website\",\"url\":\"https:\\\/\\\/activ.at\\\/sr\\\/\",\"name\":\"Activ\",\"description\":\"Project Management GmbH\",\"publisher\":{\"@id\":\"https:\\\/\\\/activ.at\\\/sr\\\/#organization\"},\"potentialAction\":[{\"@type\":\"SearchAction\",\"target\":{\"@type\":\"EntryPoint\",\"urlTemplate\":\"https:\\\/\\\/activ.at\\\/sr\\\/?s={search_term_string}\"},\"query-input\":{\"@type\":\"PropertyValueSpecification\",\"valueRequired\":true,\"valueName\":\"search_term_string\"}}],\"inLanguage\":\"sr-RS\"},{\"@type\":\"Organization\",\"@id\":\"https:\\\/\\\/activ.at\\\/sr\\\/#organization\",\"name\":\"Activ Project Management GmbH\",\"url\":\"https:\\\/\\\/activ.at\\\/sr\\\/\",\"logo\":{\"@type\":\"ImageObject\",\"inLanguage\":\"sr-RS\",\"@id\":\"https:\\\/\\\/activ.at\\\/sr\\\/#\\\/schema\\\/logo\\\/image\\\/\",\"url\":\"https:\\\/\\\/activ.at\\\/wp-content\\\/uploads\\\/2018\\\/01\\\/activ-01_beli.png\",\"contentUrl\":\"https:\\\/\\\/activ.at\\\/wp-content\\\/uploads\\\/2018\\\/01\\\/activ-01_beli.png\",\"width\":454,\"height\":125,\"caption\":\"Activ Project Management GmbH\"},\"image\":{\"@id\":\"https:\\\/\\\/activ.at\\\/sr\\\/#\\\/schema\\\/logo\\\/image\\\/\"}}]}<\/script>\n<!-- \/ Yoast SEO plugin. -->","yoast_head_json":{"title":"Izjava o za\u0161titi privatnosti - Activ","robots":{"index":"noindex","follow":"nofollow"},"og_locale":"sr_RS","og_type":"article","og_title":"Izjava o za\u0161titi privatnosti - Activ","og_description":"Izjava o za\u0161titi podataka Kao operater ove veb lokacije, veoma ozbiljno shvatamo za\u0161titu va\u0161ih li\u010dnih podataka. Li\u010dni podaci \u0107e se sakupljati i obra\u0111ivati samo na ovoj veb stranici u meri opisanoj ovde. Va\u0161e podatke obra\u0111ujemo isklju\u010divo na osnovu zakonskih propisa (DSGVO, DSG 2018, TKG 2003) i te\u017eimo ka najboljoj mogu\u0107oj transparentnosti. Sledec\u0107e obave\u0161tenje daje vam [&hellip;]","og_url":"https:\/\/activ.at\/sr\/izjava-o-zastiti-privatnosti\/","og_site_name":"Activ","article_modified_time":"2022-08-23T08:00:29+00:00","twitter_card":"summary_large_image","twitter_misc":{"\u041f\u0440\u043e\u0446\u0435\u045a\u0435\u043d\u043e \u0432\u0440\u0435\u043c\u0435 \u0447\u0438\u0442\u0430\u045a\u0430":"10 \u043c\u0438\u043d\u0443\u0442\u0430"},"schema":{"@context":"https:\/\/schema.org","@graph":[{"@type":"WebPage","@id":"https:\/\/activ.at\/sr\/izjava-o-zastiti-privatnosti\/","url":"https:\/\/activ.at\/sr\/izjava-o-zastiti-privatnosti\/","name":"Izjava o za\u0161titi privatnosti - Activ","isPartOf":{"@id":"https:\/\/activ.at\/sr\/#website"},"datePublished":"2018-02-13T14:13:23+00:00","dateModified":"2022-08-23T08:00:29+00:00","breadcrumb":{"@id":"https:\/\/activ.at\/sr\/izjava-o-zastiti-privatnosti\/#breadcrumb"},"inLanguage":"sr-RS","potentialAction":[{"@type":"ReadAction","target":["https:\/\/activ.at\/sr\/izjava-o-zastiti-privatnosti\/"]}]},{"@type":"BreadcrumbList","@id":"https:\/\/activ.at\/sr\/izjava-o-zastiti-privatnosti\/#breadcrumb","itemListElement":[{"@type":"ListItem","position":1,"name":"Home","item":"https:\/\/activ.at\/sr\/"},{"@type":"ListItem","position":2,"name":"Izjava o za\u0161titi privatnosti"}]},{"@type":"WebSite","@id":"https:\/\/activ.at\/sr\/#website","url":"https:\/\/activ.at\/sr\/","name":"Activ","description":"Project Management GmbH","publisher":{"@id":"https:\/\/activ.at\/sr\/#organization"},"potentialAction":[{"@type":"SearchAction","target":{"@type":"EntryPoint","urlTemplate":"https:\/\/activ.at\/sr\/?s={search_term_string}"},"query-input":{"@type":"PropertyValueSpecification","valueRequired":true,"valueName":"search_term_string"}}],"inLanguage":"sr-RS"},{"@type":"Organization","@id":"https:\/\/activ.at\/sr\/#organization","name":"Activ Project Management GmbH","url":"https:\/\/activ.at\/sr\/","logo":{"@type":"ImageObject","inLanguage":"sr-RS","@id":"https:\/\/activ.at\/sr\/#\/schema\/logo\/image\/","url":"https:\/\/activ.at\/wp-content\/uploads\/2018\/01\/activ-01_beli.png","contentUrl":"https:\/\/activ.at\/wp-content\/uploads\/2018\/01\/activ-01_beli.png","width":454,"height":125,"caption":"Activ Project Management GmbH"},"image":{"@id":"https:\/\/activ.at\/sr\/#\/schema\/logo\/image\/"}}]}},"_links":{"self":[{"href":"https:\/\/activ.at\/sr\/wp-json\/wp\/v2\/pages\/2016","targetHints":{"allow":["GET"]}}],"collection":[{"href":"https:\/\/activ.at\/sr\/wp-json\/wp\/v2\/pages"}],"about":[{"href":"https:\/\/activ.at\/sr\/wp-json\/wp\/v2\/types\/page"}],"author":[{"embeddable":true,"href":"https:\/\/activ.at\/sr\/wp-json\/wp\/v2\/users\/1"}],"replies":[{"embeddable":true,"href":"https:\/\/activ.at\/sr\/wp-json\/wp\/v2\/comments?post=2016"}],"version-history":[{"count":18,"href":"https:\/\/activ.at\/sr\/wp-json\/wp\/v2\/pages\/2016\/revisions"}],"predecessor-version":[{"id":4773,"href":"https:\/\/activ.at\/sr\/wp-json\/wp\/v2\/pages\/2016\/revisions\/4773"}],"wp:attachment":[{"href":"https:\/\/activ.at\/sr\/wp-json\/wp\/v2\/media?parent=2016"}],"curies":[{"name":"wp","href":"https:\/\/api.w.org\/{rel}","templated":true}]}}